{"id":2,"date":"2014-12-12T12:06:24","date_gmt":"2014-12-12T12:06:24","guid":{"rendered":"http:\/\/efg-deutschland.34u.de\/?page_id=2"},"modified":"2025-11-13T16:14:23","modified_gmt":"2025-11-13T14:14:23","slug":"beispiel-seite","status":"publish","type":"page","link":"https:\/\/www.entomofaunistische-gesellschaft.de\/","title":{"rendered":"Home"},"content":{"rendered":"<h3>Herzlich willkommen auf der Homepage der Entomofaunistischen Gesellschaft e. V.<\/h3>\n<p>Die 1990 gegr\u00fcndete \u201eEntomofaunistische Gesellschaft e. V. \u201d (EFG) ist eine gemeinn\u00fctzige Vereinigung f\u00fcr sowohl beruflich als auch in ihrer Freizeit an der Entomologie interessierter B\u00fcrger.<\/p>\n<p>Sie f\u00f6rdert die entomologische Forschung und das Wissen \u00fcber die Entomologie. Besonders unterst\u00fctzt sie die Erforschung der heimischen Fauna, die Inventarerkundung und -forschung z. B. in Biosph\u00e4renreservaten, Nationalparks, Natur- und Landschaftsschutzgebieten.<\/p>\n<p>Sie f\u00f6rdert durch Aufkl\u00e4rung die Belange des Biotop- und Artenschutzes, unterst\u00fctzt die Erarbeitung staatlicher Verordnungen und Gesetze zum Thema Natur- und Artenschutz und vertritt damit die Interessen der Entomologen zu diesem Themenkomplex.<\/p>\n<h2><span style=\"color: #ff0000;\">Aktuelles<\/span> (Stand: 13.11.2025)<\/h2>\n<h3><span style=\"color: #000000;\">Internetarchiv f\u00fcr Zeitschriften und Reihen zum Natur- und Umweltschutz in der DDR<\/span><\/h3>\n<p>Die Hochschule Neubrandenburg (Institut f\u00fcr Umweltgeschichte und Regionalentwicklung e.V.) hat ein Internetarchiv f\u00fcr Zeitschriften und Reihen zum Natur- und Umweltschutz in der DDR zusammengetragen und so den Zugang zu schwer zug\u00e4nglichen Quellen erm\u00f6glicht. Diese Quellen sind ab sofort <a href=\"https:\/\/www.hs-nb.de\/iugr\/studienarchiv-umweltgeschichte\/zeitschriften\">hier<\/a> einsehbar.<\/p>\n<h3>Gemeinschaftsveranstaltung des Th\u00fcringer Entomologenvereins e. V., der Entomologenvereinigung Sachsen- Anhalt und der Entomofaunistischen Gesellschaft e. V\u00a0 zugleich 121. Tagung Th\u00fcringer Entomologen am Samstag, den 26. April 2025<\/h3>\n<p>Diese Gemeinschaftsveranstaltung fand im Ratskeller M\u00fchlberg nahe der BAB 4 statt, ist zentral gelegen und gut erreichbar. Gastgeber und Ausrichter ist der Th\u00fcringer Entomologenverein. Einladung und Programm <a href=\"https:\/\/www.entomofaunistische-gesellschaft.de\/wp-content\/uploads\/2025\/03\/121.-Tagung-Muehlberg-2025.pdf\">hier<\/a> als PDF.<\/p>\n<hr \/>\n<p>Anl\u00e4sslich der bevorstehenden Gemeinschaftstagung des Th\u00fcringer Entomologenverbandes und der Entomofaunstischen Gesellschaft am 20.05. 2023 in Sondershausen (<a href=\"https:\/\/www.entomofaunistische-gesellschaft.de\/wp-content\/uploads\/2023\/03\/117.-Tagung_Possen-Sondershausen-2023.pdf\">117. Tagung_Possen Sondershausen 2023<\/a>) mit dem Rahmenthema \u201eEntomofauna S\u00fcdamerika\u201c haben sich die beiden Vereine entschlossen jeweils 500,- EUR zum Ankauf von Fl\u00e4chen f\u00fcr die Bewahrung vor der Abholzung und zum Erhalt der peruanischen tropischen Regenw\u00e4lder zu Spenden. Es ist geplant w\u00e4hrend der Tagung eine Spendenbox aufzustellen, welche demselben Zweck dienen soll.<\/p>\n<p>Der Landesverband Sachsen der EFG ist zusammen mit anderen Akteuren in besonderer Weise an verschiedenen Projekten beteiligt oder selbst dabei Neuerungen auf den Weg zu bringen. Themen sind die Neugestaltung der Mittteilungen S\u00e4chsischer Entomologen, die Bereitstellung einer Online-Ausgabe der Zeitschrift und Aktionen zur Erforschung der H\u00f6hlenschrecke (<em>Troglophilus neglectus<\/em>). Weiter Informationen hierzu auf der Webseite des <a href=\"http:\/\/www.efgsachsen.de\">Landesverbandes Sachsen<\/a>.<\/p>\n<div id=\"attachment_463\" style=\"width: 1034px\" class=\"wp-caption alignnone\"><a href=\"https:\/\/www.entomofaunistische-gesellschaft.de\/wp-content\/uploads\/2023\/03\/Tneglectus.jpg\"><img loading=\"lazy\" decoding=\"async\" aria-describedby=\"caption-attachment-463\" class=\"wp-image-463 size-full\" src=\"https:\/\/www.entomofaunistische-gesellschaft.de\/wp-content\/uploads\/2023\/03\/Tneglectus.jpg\" alt=\"\" width=\"1024\" height=\"498\" srcset=\"https:\/\/www.entomofaunistische-gesellschaft.de\/wp-content\/uploads\/2023\/03\/Tneglectus.jpg 1024w, https:\/\/www.entomofaunistische-gesellschaft.de\/wp-content\/uploads\/2023\/03\/Tneglectus-300x146.jpg 300w, https:\/\/www.entomofaunistische-gesellschaft.de\/wp-content\/uploads\/2023\/03\/Tneglectus-768x374.jpg 768w, https:\/\/www.entomofaunistische-gesellschaft.de\/wp-content\/uploads\/2023\/03\/Tneglectus-624x303.jpg 624w\" sizes=\"auto, (max-width: 1024px) 100vw, 1024px\" \/><\/a><p id=\"caption-attachment-463\" class=\"wp-caption-text\">H\u00f6hlenschrecken in einem Tunnel bei Borthen (R. Moritz)<\/p><\/div>\n<h2>Informationen zu Neuerscheinungen<\/h2>\n<h2>Die wasserbewohnenden K\u00e4fer Sachsen-Anhalts<\/h2>\n<p>Dietmar Spitzenberg hat dieses als Lebenswerk zu bezeichnende Opus im Juni 2021 publiziert. Man kann ihm zu diesem Werk nur gratulieren und jedem, der sich als Einsteiger oder Profi mit den &#8222;Wasserk\u00e4fern&#8220; befassen m\u00f6chte, ans Herz legen. Zu beziehen ist das Buch mit detaillierten Angaben zur Verbreitung und Biologie, zahlreichen Fotos und Karten bei Natur und Text in Brandenburg.<\/p>\n<div id=\"attachment_421\" style=\"width: 224px\" class=\"wp-caption alignnone\"><a href=\"https:\/\/www.entomofaunistische-gesellschaft.de\/wp-content\/uploads\/2021\/08\/20210804190748304.jpg\"><img loading=\"lazy\" decoding=\"async\" aria-describedby=\"caption-attachment-421\" class=\"wp-image-421 size-medium\" src=\"https:\/\/www.entomofaunistische-gesellschaft.de\/wp-content\/uploads\/2021\/08\/20210804190748304-214x300.jpg\" alt=\"\" width=\"214\" height=\"300\" srcset=\"https:\/\/www.entomofaunistische-gesellschaft.de\/wp-content\/uploads\/2021\/08\/20210804190748304-214x300.jpg 214w, https:\/\/www.entomofaunistische-gesellschaft.de\/wp-content\/uploads\/2021\/08\/20210804190748304-624x877.jpg 624w, https:\/\/www.entomofaunistische-gesellschaft.de\/wp-content\/uploads\/2021\/08\/20210804190748304.jpg 640w\" sizes=\"auto, (max-width: 214px) 100vw, 214px\" \/><\/a><p id=\"caption-attachment-421\" class=\"wp-caption-text\">D. Spitzenberg 2021<\/p><\/div>\n<h1>Verbreitungsatlas der Tagfalter und Widderchen Deutschlands<\/h1>\n<div id=\"attachment_382\" style=\"width: 235px\" class=\"wp-caption alignnone\"><a href=\"https:\/\/www.entomofaunistische-gesellschaft.de\/wp-content\/uploads\/2014\/12\/Atlas.jpg\"><img loading=\"lazy\" decoding=\"async\" aria-describedby=\"caption-attachment-382\" class=\"wp-image-382 size-medium\" src=\"https:\/\/www.entomofaunistische-gesellschaft.de\/wp-content\/uploads\/2014\/12\/Atlas-225x300.jpg\" alt=\"\" width=\"225\" height=\"300\" srcset=\"https:\/\/www.entomofaunistische-gesellschaft.de\/wp-content\/uploads\/2014\/12\/Atlas-225x300.jpg 225w, https:\/\/www.entomofaunistische-gesellschaft.de\/wp-content\/uploads\/2014\/12\/Atlas-624x832.jpg 624w, https:\/\/www.entomofaunistische-gesellschaft.de\/wp-content\/uploads\/2014\/12\/Atlas.jpg 640w\" sizes=\"auto, (max-width: 225px) 100vw, 225px\" \/><\/a><p id=\"caption-attachment-382\" class=\"wp-caption-text\">Rolf Reinhard pr\u00e4sentiert den neuen Atlas.<\/p><\/div>\n<p>Nun ist er da: Der Verbreitungsatlas der Tagfalter und Widderchen Deutschlands. Er entstand und wurde mit inszeniert durch Mitarbeiter des Landesverbandes Sachsen der EFG e.V.<\/p>\n<p>Die positiven Reaktionen auf die Pressemitteilung des Umweltforschungszentrum (UFZ) Leipzig-Halle in Tageszeitungen und in der Online-Presse aller Regionen Deutschlands sind \u00fcberw\u00e4ltigend. Das Herausgeberteam f\u00fchlt sich best\u00e4tigt, dass sich die 10-j\u00e4hrige Arbeit gelohnt hat.<\/p>\n<h1 class=\"entry-title\">Kleinschmetterlinge der Oberlausitz Band 2<\/h1>\n<div class=\"entry-content\">\n<p>Mit dem vorliegenden 6. Band der \u00a0\u201eSchmetterlingsfauna der Oberlausitz\u201c liegt f\u00fcr die Bundesrepublik Deutschland erstmals eine aktuelle und vollst\u00e4ndige Bearbeitung aller Schmetterlingsarten einer Region vor. In der Oberlausitz sind 2.539 Arten nachgewiesen, 758 davon werden im aktuellen Band behandelt.<\/p>\n<p><a href=\"https:\/\/www.efgsachsen.de\/wp-content\/uploads\/2019\/10\/KSBD2.jpg\"><img loading=\"lazy\" decoding=\"async\" class=\"alignnone size-medium wp-image-1011\" src=\"https:\/\/www.efgsachsen.de\/wp-content\/uploads\/2019\/10\/KSBD2-198x300.jpg\" sizes=\"auto, (max-width: 198px) 100vw, 198px\" srcset=\"https:\/\/www.efgsachsen.de\/wp-content\/uploads\/2019\/10\/KSBD2-198x300.jpg 198w, https:\/\/www.efgsachsen.de\/wp-content\/uploads\/2019\/10\/KSBD2-768x1161.jpg 768w, https:\/\/www.efgsachsen.de\/wp-content\/uploads\/2019\/10\/KSBD2-677x1024.jpg 677w, https:\/\/www.efgsachsen.de\/wp-content\/uploads\/2019\/10\/KSBD2-624x943.jpg 624w\" alt=\"\" width=\"198\" height=\"300\" \/><\/a><\/p>\n<p>F\u00fcr die Oberlausitz erscheint damit die vierte zusammenfassende Fauna der Schmetterlinge nach M\u00f6schler (1858, 1861), Sommer (1895, 1898) und Sch\u00fctze (1899\u20131902). F\u00fcr jede Art werden die historischen Angaben zitiert und die Belege in den Museen dokumentiert. Aktuelle Nachweise ab 1950 werden nach Landschaftsr\u00e4umen gegliedert aufgef\u00fchrt. Damit ergeben sich interessante Vergleiche zur Bestandsentwicklung der einzelnen Arten. Angaben zur Lebensweise, Larvennahrungspflanzen u.w.m. werden in der Rubrik Bemerkungen erg\u00e4nzt. Die Falter aller Arten sind farbig abgebildet, meist mit Fotos lebender Tiere.<\/p>\n<p>Thomas Sobczyk<\/p>\n<p>Das soeben erschienene Buch ist wie andere der Reihe auch <a href=\"https:\/\/shop.34u.de\/product_info.php?products_id=42&amp;MODsid=6up4d98lrq8mo2lhg6g27r7k45\">hier<\/a> zu bestellen.<\/p>\n<\/div>\n<h2>Fauna der Schw\u00e4rmer (Lepidoptera: Sphingidae) Sachsens<\/h2>\n<p>Im Rahmen der \u201eBeitr\u00e4ge zur Insektenfauna Sachsens\u201c erscheint als Band 24 die \u201eFauna der Schw\u00e4rmer Sachsens\u201c in den \u201eMitteilungen S\u00e4chsischer Entomologen\u201c als Supplementband Nr. 13, voraussichtlich im September 2019. Bearbeiter sind Rolf Reinhardt, Steffen Pollrich &amp; Gerhard Fiedler.<\/p>\n<p>Das Werk umfasst 160 Seiten und ist vollst\u00e4ndig farbig gestaltet. Es werden alle in Sachsen vorkommenden Arten abgehandelt und bewertet sowie eine Rote Liste erstellt.<\/p>\n<p>Au\u00dferhalb des Abonnentenkreises der \u201eMitteilungen S\u00e4chsischer Entomologen\u201c kann das Werk nur gegen eine Schutzgeb\u00fchr abgegeben werden und das auch nur, wenn Ihre Bestellung bis zum 1. November 2019 schriftlich vorliegt. Die verbindliche Bestellung kann ab sofort erfolgen. Bitte geben Sie daf\u00fcr Ihre Postanschrift bekannt.<\/p>\n<p>Die Schutzgeb\u00fchr, einschlie\u00dflich Porto und Versand, betr\u00e4gt 20,- EURO.<\/p>\n<p>Bestelladresse:<br \/>\nRolf Reinhardt, Burgst\u00e4dter Str. 80a, 09648 Mittweida, bzw. per e-mail: <a href=\"mailto:Reinhardt-mittw@t-online.de\">Reinhardt-mittw@t-online.de<\/a>\u00a0oder \u00fcber den Online-Shop: <a href=\"http:\/\/www.tagfalter-sachsen.de\">www.tagfalter-sachsen.de<\/a><\/p>\n<h1>Gemeinschaftstagung EFG und der Entomologenvereinigung Sachsen-Anhalt (EVSA) am 06.04.2019 in Ro\u00dfla<\/h1>\n<p>Programm hier: <a href=\"https:\/\/www.evsa.de\/2-uncategorised\/328-gemeinschaftstagung-efg-evsa-2019.html\">https:\/\/www.evsa.de\/2-uncategorised\/328-gemeinschaftstagung-efg-evsa-2019.html <\/a><\/p>\n<p>Letzte inhaltliche \u00c4nderung: 01.12.2019<\/p>\n","protected":false},"excerpt":{"rendered":"<p>Herzlich willkommen auf der Homepage der Entomofaunistischen Gesellschaft e. V. Die 1990 gegr\u00fcndete \u201eEntomofaunistische Gesellschaft e. V. \u201d (EFG) ist eine gemeinn\u00fctzige Vereinigung f\u00fcr sowohl beruflich als auch in ihrer Freizeit an der Entomologie interessierter B\u00fcrger. Sie f\u00f6rdert die entomologische Forschung und das Wissen \u00fcber die Entomologie. Besonders unterst\u00fctzt sie die Erforschung der heimischen Fauna, [&hellip;]<\/p>\n","protected":false},"author":1,"featured_media":0,"parent":0,"menu_order":0,"comment_status":"closed","ping_status":"open","template":"","meta":{"footnotes":""},"class_list":["post-2","page","type-page","status-publish","hentry"],"_links":{"self":[{"href":"https:\/\/www.entomofaunistische-gesellschaft.de\/index.php?rest_route=\/wp\/v2\/pages\/2","targetHints":{"allow":["GET"]}}],"collection":[{"href":"https:\/\/www.entomofaunistische-gesellschaft.de\/index.php?rest_route=\/wp\/v2\/pages"}],"about":[{"href":"https:\/\/www.entomofaunistische-gesellschaft.de\/index.php?rest_route=\/wp\/v2\/types\/page"}],"author":[{"embeddable":true,"href":"https:\/\/www.entomofaunistische-gesellschaft.de\/index.php?rest_route=\/wp\/v2\/users\/1"}],"replies":[{"embeddable":true,"href":"https:\/\/www.entomofaunistische-gesellschaft.de\/index.php?rest_route=%2Fwp%2Fv2%2Fcomments&post=2"}],"version-history":[{"count":47,"href":"https:\/\/www.entomofaunistische-gesellschaft.de\/index.php?rest_route=\/wp\/v2\/pages\/2\/revisions"}],"predecessor-version":[{"id":773,"href":"https:\/\/www.entomofaunistische-gesellschaft.de\/index.php?rest_route=\/wp\/v2\/pages\/2\/revisions\/773"}],"wp:attachment":[{"href":"https:\/\/www.entomofaunistische-gesellschaft.de\/index.php?rest_route=%2Fwp%2Fv2%2Fmedia&parent=2"}],"curies":[{"name":"wp","href":"https:\/\/api.w.org\/{rel}","templated":true}]}}